{"id":1791,"date":"2026-01-27T19:44:01","date_gmt":"2026-01-27T19:44:01","guid":{"rendered":"https:\/\/sgr-arges.ro\/?page_id=1791"},"modified":"2026-01-31T11:46:30","modified_gmt":"2026-01-31T11:46:30","slug":"concursul-de-geografie-ionel-tuta-2026","status":"publish","type":"page","link":"https:\/\/sgr-arges.ro\/index.php\/concursul-de-geografie-ionel-tuta-2026\/","title":{"rendered":"CONCURSUL DE GEOGRAFIE IONEL \u021aU\u021a\u0102, 2026"},"content":{"rendered":"<p><img loading=\"lazy\" decoding=\"async\" class=\"size-medium wp-image-1794 alignright\" src=\"https:\/\/sgr-arges.ro\/wp-content\/uploads\/2026\/01\/ChatGPT-Image-27-ian.-2026-22_31_59-300x200.png\" alt=\"\" width=\"300\" height=\"200\" srcset=\"https:\/\/sgr-arges.ro\/wp-content\/uploads\/2026\/01\/ChatGPT-Image-27-ian.-2026-22_31_59-300x200.png 300w, https:\/\/sgr-arges.ro\/wp-content\/uploads\/2026\/01\/ChatGPT-Image-27-ian.-2026-22_31_59-1024x683.png 1024w, https:\/\/sgr-arges.ro\/wp-content\/uploads\/2026\/01\/ChatGPT-Image-27-ian.-2026-22_31_59-768x512.png 768w, https:\/\/sgr-arges.ro\/wp-content\/uploads\/2026\/01\/ChatGPT-Image-27-ian.-2026-22_31_59.png 1536w\" sizes=\"auto, (max-width: 300px) 100vw, 300px\" \/>V\u0103 invit\u0103 s\u0103 participa\u021bi s\u00e2mb\u0103t\u0103, 31 ianuarie 2026, la<\/p>\n<p class=\"has-text-align-center has-vivid-cyan-blue-color has-text-color has-link-color wp-elements-8a604e0e6e41eafefd652f4e0715ec05\" style=\"text-align: center;\"><strong>CONCURSUL JUDE\u021aEAN DE GEOGRAFIE \u201eIONEL \u0162U\u0162\u0102\u201d<\/strong><br \/>\nEdi\u0163ia a XI-a<br \/>\nCALENDARUL CONCURSURILOR JUDE\u021aENE \u2013 DOMENIUL \u0218TIIN\u021aIFIC<\/p>\n<p class=\"has-text-align-center has-vivid-cyan-blue-color has-text-color has-link-color wp-elements-8a604e0e6e41eafefd652f4e0715ec05\" style=\"text-align: center;\">AN \u0218COLAR 2025-2026, Nr. 15680\/13.11.2025 \u2013 pozi\u021bia nr. 175<\/p>\n<p>Concursul se adreseaz\u0103 elevilor din clasele IV-XII, av\u00e2nd ca obiectiv general promovarea ideii de competi\u0163ie, performan\u021b\u0103 \u00een studiul disciplinei geografiei locale, regionale, na\u021bionale \u0219i mondiale, precum \u0219i dezvoltarea competen\u021belor de investigare (observare, analiz\u0103, interpretare), aspecte de logic\u0103 geografic\u0103 (compara\u021bii, deduc\u021bii), lucru cu harta.<\/p>\n<p><img loading=\"lazy\" decoding=\"async\" class=\"wp-image-1807 alignleft\" src=\"https:\/\/sgr-arges.ro\/wp-content\/uploads\/2026\/01\/0e584104-c985-4c72-9298-f253bdd2491f-1024x510.png\" alt=\"\" width=\"496\" height=\"247\" srcset=\"https:\/\/sgr-arges.ro\/wp-content\/uploads\/2026\/01\/0e584104-c985-4c72-9298-f253bdd2491f-1024x510.png 1024w, https:\/\/sgr-arges.ro\/wp-content\/uploads\/2026\/01\/0e584104-c985-4c72-9298-f253bdd2491f-300x149.png 300w, https:\/\/sgr-arges.ro\/wp-content\/uploads\/2026\/01\/0e584104-c985-4c72-9298-f253bdd2491f-768x383.png 768w, https:\/\/sgr-arges.ro\/wp-content\/uploads\/2026\/01\/0e584104-c985-4c72-9298-f253bdd2491f-1536x765.png 1536w, https:\/\/sgr-arges.ro\/wp-content\/uploads\/2026\/01\/0e584104-c985-4c72-9298-f253bdd2491f.png 2048w\" sizes=\"auto, (max-width: 496px) 100vw, 496px\" \/><\/p>\n<hr \/>\n<p><a href=\"https:\/\/sgr-arges.ro\/wp-content\/uploads\/2026\/01\/Invitatie-concurs-judetean-de-geografie-Ionel-Tuta-2026-1.doc\">Invita\u021bie concurs jude\u021bean de geografie Ionel \u021au\u021b\u0103 2026\u00a0<\/a><\/p>\n<hr \/>\n<p>&nbsp;<\/p>\n<p>&nbsp;<\/p>\n<p>&nbsp;<\/p>\n<p class=\"has-vivid-cyan-blue-color has-text-color has-link-color wp-elements-140ca2db287aa9c969754ae8cbc7e31c\" style=\"text-align: center;\"><strong>SEC\u021aIUNILE CONCURSULUI<\/strong><\/p>\n<p>Concursul va fi individual \u0219i are o singur\u0103 sec\u021biune, prob\u0103 teoretic\u0103 de testare a cuno\u0219tin\u021belor asimilate la:<\/p>\n<ul class=\"wp-block-list\">\n<li>Geografia Rom\u00e2niei, pentru clasa a IV-a<\/li>\n<li>Geografia General\u0103, pentru clasa a V-a<\/li>\n<li>Geografia Europei, pentru clasa a VI-a<\/li>\n<li>Geografia Continentelor Extraeuropene, pentru clasa a VII-a<\/li>\n<li>Geografia Rom\u00e2niei, pentru clasa a VIII-a<\/li>\n<li>Geografia General\u0103, pentru clasa a IX-a<\/li>\n<li>Geografie Uman\u0103, pentru clasa a X-a<\/li>\n<li>Probleme fundamentale lumii contemporane, pentru clasa a XI-a<\/li>\n<li>Europa \u2013 Rom\u00e2nia \u2013 Uniunea Europeana \u2013 probleme fundamentale, pentru clasa a XII-a<\/li>\n<\/ul>\n<hr \/>\n<p><strong>Subiecte \u0219i bareme de corectare-edi\u021bia a XI-a, 31.01.2026<\/strong><\/p>\n<a href=\"https:\/\/sgr-arges.ro\/wp-content\/uploads\/2026\/01\/Concurs_subiecte_raspunsuri.pdf\" class=\"pdfemb-viewer\" style=\"\" data-width=\"max\" data-height=\"max\" data-toolbar=\"bottom\" data-toolbar-fixed=\"off\">Concurs_subiecte_raspunsuri<\/a>\n<hr \/>\n<p class=\"has-vivid-cyan-blue-color has-text-color has-link-color wp-elements-2b55e80aa24eac9ee41c3020e032a86c\"><strong>TEMATICA PENTRU CONCURS<\/strong><\/p>\n<ul class=\"wp-block-list\">\n<li>Clasa a IV-a: Cap.:\u00a0<em>Elemente de geografie a orizontului apropiat \u0219i local; Elemente de geografie general\u0103 a Rom\u00e2niei<\/em>.<\/li>\n<li>Clasa a V-a: Cap.:\u00a0<em>Terra, o planet\u0103 a Universului; Terra, o planet\u0103 \u00een mi\u0219care; Litosfera<\/em>.<\/li>\n<li>Clasa a VI-a: Cap.:<em>\u00a0Cunoa\u0219terea lumii \u00een care tr\u0103im; Antroposfera. Omul \u0219i activit\u0103\u021bile umane.<\/em><\/li>\n<li>Clasa a VII-a: Cap.:\u00a0<em>Asia \u2013 caracterizare geografic\u0103 general\u0103<\/em>.<\/li>\n<li>Clasa a VIII-a: Cap.:\u00a0<em>Rom\u00e2nia \u2013 Coordonate Europene; Rom\u00e2nia \u2013 Relieful; Rom\u00e2nia \u2013 Clima.<\/em><\/li>\n<li>Clasa a IX-a: Cap.:\u00a0<em>P\u0103m\u00e2ntul \u2013 o entitate a Universului<\/em>,\u00a0<em>M\u0103surarea \u0219i reprezentarea spa\u021biului terestru<\/em>,\u00a0<em>Relieful terestru.<\/em><\/li>\n<li>Clasa a X-a: Cap.:\u00a0<em>Geografie politic\u0103; Geografia popula\u021biei<\/em>.<\/li>\n<li>Clasa a XI-a: Cap.:\u00a0<em>Mediul \u00eenconjur\u0103tor \u2013 problem\u0103 fundamental\u0103 a lumii contemporane<\/em>.<\/li>\n<li>Clasa a XII-a: Cap.:\u00a0<em>Europa \u0219i Rom\u00e2nia \u2013 geografie fizic\u0103. Europa \u0219i Rom\u00e2nia \u2013 geografie uman\u0103<\/em>.<\/li>\n<\/ul>\n<hr class=\"wp-block-separator has-alpha-channel-opacity\" \/>\n<p class=\"has-vivid-cyan-blue-color has-text-color has-link-color wp-elements-6641c3e0a29fd031e377a865af94b3af\"><strong>BIBLIOGRAFIE<\/strong><\/p>\n<p>Manualele alternative \u00een vigoare pentru anul \u0219colar \u00een curs, pentru clasele IV-XII.<\/p>\n<hr class=\"wp-block-separator has-alpha-channel-opacity\" \/>\n<p class=\"has-vivid-cyan-blue-color has-text-color has-link-color wp-elements-8b2df5d873995036c9d15eab75e9bcf6\"><strong>CALENDARUL CONCURSULUI<\/strong><\/p>\n<p>S\u00e2mb\u0103t\u0103, 31 ianuarie 2026,<\/p>\n<ul class=\"wp-block-list\">\n<li>09:00 \u2013 09:30 \u2013 Accesul elevilor \u00een s\u0103li.<\/li>\n<li>10:00 \u2013 11:00 \u2013 Proba scris\u0103.<\/li>\n<li>11:00 \u2013 12:00 \u2013 Evaluarea lucr\u0103rilor.<\/li>\n<li>12:30 \u2013 Afi\u0219area rezultatelor.<\/li>\n<\/ul>\n<p>\u00censcrierea elevilor se realizeaz\u0103 de c\u0103tre profesorul coordonator, prin completarea pentru fiecare elev, p\u00e2n\u0103 la 27 ianuarie 2026, a formularului:<\/p>\n<hr \/>\n<p>Formular\u00a0 <a href=\"https:\/\/docs.google.com\/forms\/d\/e\/1FAIpQLScydAcpQT7wac5AyogLXWy7Q8tvYBMGYPKLEUk7IuNJ_otOiQ\/viewform?usp=sf_link\">\u00ceNSCRIERE PARTICIPAN\u021aI<\/a><\/p>\n<hr \/>\n<p>Particip\u0103 elevii din clasele a IV-a, elevii de gimnaziu (clasele V-VIII) \u0219i elevi de liceu (clasele IX \u2013 XII), din jude\u021bul Arge\u0219. Nu se solicit\u0103 tax\u0103 de participare. Persoan\u0103 de contact:\u00a0<a href=\"https:\/\/www.facebook.com\/sebi.florescu\">Prof. Florescu Sebastian Victorian<\/a>, Tel. 0740022089.<\/p>\n<p>Rezultatele finale vor fi afi\u0219ate at\u00e2t la sediul institu\u021biei organizatoare, pe\u00a0<a href=\"https:\/\/scoala11.eu\/\">site-ul \u0218colii Gimnaziale ,,Mihai Eminescu\u201d Pite\u0219ti<\/a>\u00a0precum \u0219i pe\u00a0<a href=\"https:\/\/sgr-arges.ro\/\">site-ul Societ\u0103\u021bii de Geografie \u2013 Filiala Arge\u0219<\/a><\/p>\n<hr class=\"wp-block-separator has-alpha-channel-opacity\" \/>\n<p class=\"has-vivid-cyan-blue-color has-text-color has-link-color wp-elements-f1c970c19d98592f956a2de774fb3105\"><strong>MODELE DE SUBIECTE<\/strong><\/p>\n<p><strong><a href=\"https:\/\/scoala11.eu\/blog-post\/subiecte-si-bareme-de-corectare-la-concursul-judetean-ionel-tuta-01-02-2025\/\">Subiecte \u0219i bareme de corectare<\/a><\/strong> \u2013 edi\u021bia a X-a, 01 februarie 2025<\/p>\n<hr \/>\n<p>&nbsp;<\/p>\n<div class=\"wp-block-image\" style=\"text-align: center;\">\n<figure class=\"aligncenter\"><img decoding=\"async\" class=\"wp-image-15340 aligncenter\" src=\"https:\/\/scoala11.eu\/wp-content\/uploads\/2019\/02\/Ionel-%C3%88%C2%9Au%C3%88%C2%9B%C3%84%C2%83-1.jpg\" alt=\"\" \/><figcaption class=\"wp-element-caption\"><strong>Prof. Ionel \u021aU\u021a\u0102<\/strong><\/figcaption><\/figure>\n<\/div>\n<hr class=\"wp-block-separator has-alpha-channel-opacity\" \/>\n<p class=\"has-text-align-center\" style=\"text-align: center;\"><em><strong>Acolo sus pe bolt\u0103 \u2026<\/strong><\/em><\/p>\n<p class=\"has-text-align-center\" style=\"text-align: center;\"><em>Din alchimii astrale<br \/>\nS-a mai n\u0103scut o stea<br \/>\nClipind u\u0219or cu jale<br \/>\n\u00cen amintirea ta.<br \/>\nAcolo sus pe bolt\u0103<br \/>\nPierdut\u0103-n univers<br \/>\nCu gra\u021bie suav\u0103<br \/>\nCa ultimul t\u0103u vers<br \/>\nCu p\u00e2lp\u00e2iri de inimi<br \/>\nOprite-n miez de noapte<br \/>\nCuvinte nerostite<br \/>\nDin filele de carte<br \/>\nAcolo sus pe bolt\u0103<br \/>\nPrintre t\u0103rii celeste<br \/>\nClipe\u0219te singuratic<br \/>\n<\/em><em>\u0218i steaua ta MAESTRE.<\/em><\/p>\n<p class=\"has-text-align-right\" style=\"text-align: right;\"><em><strong>Prof. Ionel \u021au\u021b\u0103<br \/>\nAripi, nr. 11\/1999 , Serie nou\u0103.<\/strong><\/em><\/p>\n<hr class=\"wp-block-separator has-alpha-channel-opacity\" \/>\n<p>Un concurs dedicat \u00een acest an,<\/p>\n<div class=\"wp-block-image\">\n<figure class=\"aligncenter size-large\"><img loading=\"lazy\" decoding=\"async\" class=\"wp-image-60925\" src=\"https:\/\/scoala11.eu\/wp-content\/uploads\/2025\/12\/iesire-60-ani-1-1024x576.jpg\" sizes=\"auto, (max-width: 1024px) 100vw, 1024px\" srcset=\"https:\/\/scoala11.eu\/wp-content\/uploads\/2025\/12\/iesire-60-ani-1-1024x576.jpg 1024w, https:\/\/scoala11.eu\/wp-content\/uploads\/2025\/12\/iesire-60-ani-1-300x169.jpg 300w, https:\/\/scoala11.eu\/wp-content\/uploads\/2025\/12\/iesire-60-ani-1-768x432.jpg 768w, https:\/\/scoala11.eu\/wp-content\/uploads\/2025\/12\/iesire-60-ani-1-500x281.jpg 500w, https:\/\/scoala11.eu\/wp-content\/uploads\/2025\/12\/iesire-60-ani-1-800x450.jpg 800w, https:\/\/scoala11.eu\/wp-content\/uploads\/2025\/12\/iesire-60-ani-1-678x381.jpg 678w, https:\/\/scoala11.eu\/wp-content\/uploads\/2025\/12\/iesire-60-ani-1-400x225.jpg 400w, https:\/\/scoala11.eu\/wp-content\/uploads\/2025\/12\/iesire-60-ani-1.jpg 1248w\" alt=\"\" width=\"1024\" height=\"576\" \/><\/figure>\n<\/div>\n","protected":false},"excerpt":{"rendered":"<p>V\u0103 invit\u0103 s\u0103 participa\u021bi s\u00e2mb\u0103t\u0103, 31 ianuarie 2026, la CONCURSUL JUDE\u021aEAN DE GEOGRAFIE \u201eIONEL \u0162U\u0162\u0102\u201d Edi\u0163ia a XI-a CALENDARUL CONCURSURILOR &hellip; <\/p>\n","protected":false},"author":1,"featured_media":0,"parent":0,"menu_order":0,"comment_status":"closed","ping_status":"closed","template":"","meta":{"_themeisle_gutenberg_block_has_review":false,"footnotes":""},"class_list":["post-1791","page","type-page","status-publish","hentry"],"_links":{"self":[{"href":"https:\/\/sgr-arges.ro\/index.php\/wp-json\/wp\/v2\/pages\/1791","targetHints":{"allow":["GET"]}}],"collection":[{"href":"https:\/\/sgr-arges.ro\/index.php\/wp-json\/wp\/v2\/pages"}],"about":[{"href":"https:\/\/sgr-arges.ro\/index.php\/wp-json\/wp\/v2\/types\/page"}],"author":[{"embeddable":true,"href":"https:\/\/sgr-arges.ro\/index.php\/wp-json\/wp\/v2\/users\/1"}],"replies":[{"embeddable":true,"href":"https:\/\/sgr-arges.ro\/index.php\/wp-json\/wp\/v2\/comments?post=1791"}],"version-history":[{"count":25,"href":"https:\/\/sgr-arges.ro\/index.php\/wp-json\/wp\/v2\/pages\/1791\/revisions"}],"predecessor-version":[{"id":1825,"href":"https:\/\/sgr-arges.ro\/index.php\/wp-json\/wp\/v2\/pages\/1791\/revisions\/1825"}],"wp:attachment":[{"href":"https:\/\/sgr-arges.ro\/index.php\/wp-json\/wp\/v2\/media?parent=1791"}],"curies":[{"name":"wp","href":"https:\/\/api.w.org\/{rel}","templated":true}]}}