{"id":1264,"date":"2025-01-15T19:32:03","date_gmt":"2025-01-15T19:32:03","guid":{"rendered":"https:\/\/sgr-arges.ro\/?page_id=1264"},"modified":"2025-01-15T19:53:22","modified_gmt":"2025-01-15T19:53:22","slug":"modele-subiecte-ionel-tuta-2025","status":"publish","type":"page","link":"https:\/\/sgr-arges.ro\/index.php\/modele-subiecte-ionel-tuta-2025\/","title":{"rendered":"Prezentare \u0219i regulament, concurs Ionel \u021aut\u0103, 2025"},"content":{"rendered":"<p>V\u0103 invit\u0103 s\u0103 participa\u021bi s\u00e2mb\u0103t\u0103, 01 februarie 2025, la Concursul Jude\u021bean de Geografie &#8220;Ionel \u021au\u021b\u0103&#8221;<br \/>\nEdi\u021bia a X-a. Concursul se adreseaz\u0103 elevilor din clasele IV-XII, av\u00e2nd ca obiectiv general promovarea ideii de competi\u021bie, perform \u00een studiul disciplinei geografiei locale, regionale, na\u021bionale \u0219i mondiale, precum \u0219i dezvoltarea competen\u021belor de investigare (observare, analiz\u0103, interpretare), aspect de logic\u0103 geografic\u0103 (compara\u021bii, deduc\u021bii), lucru cu harta.<\/p>\n<hr class=\"wp-block-separator has-alpha-channel-opacity\" \/>\n<p><strong>SEC\u021aIUNILE CONCURSULUI<\/strong><\/p>\n<ul class=\"wp-block-list\">\n<li>Geografia Rom\u00e2niei, pentru clasa a IV-a<\/li>\n<li>Geografia General\u0103, pentru clasa a V-a<\/li>\n<li>Geografia Europei, pentru clasa a VI-a<\/li>\n<li>Geografia Continentelor Extraeuropene, pentru clasa a VII-a<\/li>\n<li>Geografia Rom\u00e2niei, pentru clasa a VIII-a<\/li>\n<li>Geografia General\u0103, pentru clasa a IX-a<\/li>\n<li>Geografie Uman\u0103, pentru clasa a X-a<\/li>\n<li>Probleme fundamentale lumii contemporane, pentru clasa a XI-a<\/li>\n<li>Europa \u2013 Rom\u00e2nia \u2013 Uniunea Europeana \u2013 probleme fundamentale, pentru clasa a XII-a<\/li>\n<\/ul>\n<hr class=\"wp-block-separator has-alpha-channel-opacity\" \/>\n<p><strong>TEMATICA PENTRU CONCURS<\/strong><\/p>\n<ul class=\"wp-block-list\">\n<li>Clasa a IV-a: Cap.:\u00a0<em>Elemente de geografie a orizontului apropiat \u0219i local; Elemente de geografie general\u0103 a Rom\u00e2niei<\/em>.<\/li>\n<li>Clasa a V-a: Cap.:\u00a0<em>Terra, o planet\u0103 a Universului; Terra, o planet\u0103 \u00een mi\u0219care; Litosfera<\/em>.<\/li>\n<li>Clasa a VI-a: Cap.:<em>\u00a0Cunoa\u0219terea lumii \u00een care tr\u0103im; Antroposfera. Omul \u0219i activit\u0103\u021bile umane.<\/em><\/li>\n<li>Clasa a VII-a: Cap.:\u00a0<em>Asia \u2013 caracterizare geografic\u0103 general\u0103<\/em>.<\/li>\n<li>Clasa a VIII-a: Cap.:\u00a0<em>Rom\u00e2nia \u2013 Coordonate Europene; Rom\u00e2nia \u2013 Relieful; Rom\u00e2nia \u2013 Clima.<\/em><\/li>\n<li>Clasa a IX-a: Cap.:\u00a0<em>P\u0103m\u00e2ntul \u2013 o entitate a Universului<\/em>,\u00a0<em>M\u0103surarea \u0219i reprezentarea spa\u021biului terestru<\/em>,\u00a0<em>Relieful terestru.<\/em><\/li>\n<li>Clasa a X-a: Cap.:\u00a0<em>Geografie politic\u0103; Geografia popula\u021biei<\/em>.<\/li>\n<li>Clasa a XI-a: Cap.:\u00a0<em>Mediul \u00eenconjur\u0103tor \u2013 problem\u0103 fundamental\u0103 a lumii contemporane<\/em>.<\/li>\n<li>Clasa a XII-a: Cap.:\u00a0<em>Europa \u0219i Rom\u00e2nia \u2013 geografie fizic\u0103. Europa \u0219i Rom\u00e2nia \u2013 geografie uman\u0103<\/em>.<\/li>\n<\/ul>\n<hr class=\"wp-block-separator has-alpha-channel-opacity\" \/>\n<p class=\"has-vivid-red-color has-pale-ocean-gradient-background has-text-color has-background has-link-color wp-elements-46141cfcc54fe7fc461e590879ec5aa3\"><strong>BIBLIOGRAFIE<\/strong><\/p>\n<p>Manualele alternative \u00een vigoare pentru anul \u0219colar \u00een curs, pentru clasele IV-XII.<\/p>\n<hr class=\"wp-block-separator has-alpha-channel-opacity\" \/>\n<p class=\"has-vivid-red-color has-pale-ocean-gradient-background has-text-color has-background has-link-color wp-elements-9be2c90f41041d7af7b3f7909c099c05\"><strong>CALENDARUL CONCURSULUI<\/strong><\/p>\n<p>S\u00e2mb\u0103t\u0103, 01 februarie 2025,<\/p>\n<ul class=\"wp-block-list\">\n<li>09:00 \u2013 09:30 \u2013 Accesul elevilor \u00een s\u0103li.<\/li>\n<li>10:00 \u2013 11:00 \u2013 Proba scris\u0103.<\/li>\n<li>11:00 \u2013 12:00 \u2013 Evaluarea lucr\u0103rilor.<\/li>\n<li>12:30 \u2013 Afi\u0219area rezultatelor.<\/li>\n<\/ul>\n<p>\u00censcrierea elevilor se realizeaz\u0103 de c\u0103tre profesorul coordonator, prin completarea pentru fiecare elev, p\u00e2n\u0103 la 28 ianuarie 2025, a formularului:<\/p>\n<hr class=\"wp-block-separator has-alpha-channel-opacity\" \/>\n<h2 class=\"has-text-align-center\" style=\"text-align: center;\"><a href=\"https:\/\/forms.gle\/cvkifQkXBU3agXyT9\"><strong>https:\/\/forms.gle\/cvkifQkXBU3agXyT9<\/strong><\/a><\/h2>\n<hr class=\"wp-block-separator has-alpha-channel-opacity\" \/>\n<p>Particip\u0103 elevii din clasele a IV-a, elevii de gimnaziu (clasele V-VIII) \u0219i elevi de liceu (clasele IX \u2013 XII), din jude\u021bul Arge\u0219. Nu se solicit\u0103 tax\u0103 de participare. Persoan\u0103 de contact:\u00a0<a title=\"\" href=\"https:\/\/www.facebook.com\/sebi.florescu\">Prof. Florescu Sebastian Victorian<\/a>, Tel. 0740022089.<\/p>\n<p>Rezultatele finale vor fi afi\u0219ate at\u00e2t la sediul institu\u021biei organizatoare, pe <a title=\"\" href=\"https:\/\/scoala11.eu\/\">site-ul \u0218colii Gimnaziale ,,Mihai Eminescu&#8221; Pite\u0219ti<\/a> precum \u0219i pe <a title=\"\" href=\"https:\/\/sgr-arges.ro\/\">site-ul Societ\u0103\u021bii de Geografie \u2013 Filiala Arge\u0219<\/a><\/p>\n<p><img decoding=\"async\" class=\"aligncenter\" src=\"https:\/\/scoala11.eu\/wp-content\/uploads\/2019\/02\/Ionel-%C3%88%C2%9Au%C3%88%C2%9B%C3%84%C2%83-1.jpg\" \/><\/p>\n<div class=\"wp-block-image is-resized\" style=\"text-align: center;\">\n<h4 class=\"aligncenter\">Ionel \u021aU\u021a\u0102<\/h4>\n<\/div>\n<hr class=\"wp-block-separator has-css-opacity\" \/>\n<h4 class=\"has-text-align-center\" style=\"text-align: center;\"><em><strong>Acolo sus pe bolt\u0103 &#8230;<\/strong><\/em><\/h4>\n<h4 class=\"has-text-align-center\" style=\"text-align: center;\"><em>Din alchimii astrale<br \/>\nS-a mai n\u0103scut o stea<br \/>\nClipind u\u0219or cu jale<br \/>\n\u00cen amintirea ta.<br \/>\nAcolo sus pe bolt\u0103<br \/>\nPierdut\u0103-n univers<br \/>\nCu gra\u021bie suav\u0103<br \/>\nCa ultimul t\u0103u vers<br \/>\nCu p\u00e2lp\u00e2iri de inimi<br \/>\nOprite-n miez de noapte<br \/>\nCuvinte nerostite<br \/>\nDin filele de carte<br \/>\nAcolo sus pe bolt\u0103<br \/>\nPrintre t\u0103rii celeste<br \/>\nClipe\u0219te singuratic<br \/>\n<\/em><em>\u0218i steaua ta MAESTRE.<\/em><\/h4>\n<p class=\"has-text-align-right\" style=\"text-align: right;\"><em><strong>Prof. Ionel \u021au\u021b\u0103<br \/>\nAripi, nr. 11\/1999 , Serie nou\u0103.<\/strong><\/em><\/p>\n","protected":false},"excerpt":{"rendered":"<p>V\u0103 invit\u0103 s\u0103 participa\u021bi s\u00e2mb\u0103t\u0103, 01 februarie 2025, la Concursul Jude\u021bean de Geografie &#8220;Ionel \u021au\u021b\u0103&#8221; Edi\u021bia a X-a. Concursul se &hellip; <\/p>\n","protected":false},"author":1,"featured_media":0,"parent":0,"menu_order":0,"comment_status":"closed","ping_status":"closed","template":"","meta":{"_themeisle_gutenberg_block_has_review":false,"footnotes":""},"class_list":["post-1264","page","type-page","status-publish","hentry"],"_links":{"self":[{"href":"https:\/\/sgr-arges.ro\/index.php\/wp-json\/wp\/v2\/pages\/1264","targetHints":{"allow":["GET"]}}],"collection":[{"href":"https:\/\/sgr-arges.ro\/index.php\/wp-json\/wp\/v2\/pages"}],"about":[{"href":"https:\/\/sgr-arges.ro\/index.php\/wp-json\/wp\/v2\/types\/page"}],"author":[{"embeddable":true,"href":"https:\/\/sgr-arges.ro\/index.php\/wp-json\/wp\/v2\/users\/1"}],"replies":[{"embeddable":true,"href":"https:\/\/sgr-arges.ro\/index.php\/wp-json\/wp\/v2\/comments?post=1264"}],"version-history":[{"count":9,"href":"https:\/\/sgr-arges.ro\/index.php\/wp-json\/wp\/v2\/pages\/1264\/revisions"}],"predecessor-version":[{"id":1286,"href":"https:\/\/sgr-arges.ro\/index.php\/wp-json\/wp\/v2\/pages\/1264\/revisions\/1286"}],"wp:attachment":[{"href":"https:\/\/sgr-arges.ro\/index.php\/wp-json\/wp\/v2\/media?parent=1264"}],"curies":[{"name":"wp","href":"https:\/\/api.w.org\/{rel}","templated":true}]}}